{"id":1365,"date":"2016-06-09T11:57:27","date_gmt":"2016-06-09T09:57:27","guid":{"rendered":"http:\/\/duerp.com\/?page_id=1365"},"modified":"2020-06-02T18:11:45","modified_gmt":"2020-06-02T16:11:45","slug":"on-parle-de-nous","status":"publish","type":"page","link":"https:\/\/www.duerp.com\/en\/on-parle-de-nous\/","title":{"rendered":"(Fran\u00e7ais) On parle de nous"},"content":{"rendered":"<p class=\"qtranxs-available-languages-message qtranxs-available-languages-message-en\">Sorry, this entry is only available in <a href=\"https:\/\/www.duerp.com\/fr\/wp-json\/wp\/v2\/pages\/1365\" class=\"qtranxs-available-language-link qtranxs-available-language-link-fr\" title=\"Fran\u00e7ais\">French<\/a>. For the sake of viewer convenience, the content is shown below in the alternative language. You may click the link to switch the active language.<\/p><p>[vc_row][vc_column][vc_column_text]<\/p>\n<h3><span style=\"color: #005a91;\">La plateforme Solutions Covid-19 de la r\u00e9gion Ile de France<br \/>\n<\/span><\/h3>\n<p>Trouvez les services qui vous simplifieront la vie pendant l\u2019\u00e9pid\u00e9mie de Covid-19. #IDFSolidarit\u00e9Covid<\/p>\n<p>.[\/vc_column_text][vc_single_image image=&#8221;2068&#8243; img_size=&#8221;medium&#8221; alignment=&#8221;center&#8221;][vc_column_text]<\/p>\n<div class=\"gap\" style=\"line-height: 20px; height: 20px;\"><\/div>\n<div class=\"text-centered\"><a href=\"https:\/\/smartidf.services\/fr\/solutions-covid19\" class=\"btn-shortcode dt-btn-m dt-btn default-btn-color default-btn-hover-color default-btn-bg-color default-btn-bg-hover-color fadeIn animate-element animation-builder\" id=\"dt-btn-1\"><i class=\"fa fa-chevron-circle-right\"><\/i><span>Voir l&#8217;article<\/span><\/a><\/div>\n<div class=\"gap\" style=\"line-height: 20px; height: 20px;\"><\/div>\n<h3><span style=\"color: #005a91;\">Magazine L&#8217;H\u00f4tellerie Restauration\u00a0 &#8211; <em><span class=\"date\">mercredi 6 mai 2020<\/span><\/em><br \/>\n<\/span><\/h3>\n<p>#Coronavirus : formation des salari\u00e9s en activit\u00e9 partielle, mise \u00e0 jour du document unique pour la r\u00e9ouverture&#8230; les conseils de Vincent Sitz<\/p>\n<p>.[\/vc_column_text][vc_single_image image=&#8221;2068&#8243; img_size=&#8221;medium&#8221; alignment=&#8221;center&#8221;][vc_column_text]<\/p>\n<div class=\"gap\" style=\"line-height: 20px; height: 20px;\"><\/div>\n<div class=\"text-centered\"><a href=\"https:\/\/www.lhotellerie-restauration.fr\/journal\/salon-concours-syndicat-association\/2020-05\/coronavirus-formation-des-salaries-en-activite-partielle-mise-a-jour-du-document-unique-les.htm\" class=\"btn-shortcode dt-btn-m dt-btn default-btn-color default-btn-hover-color default-btn-bg-color default-btn-bg-hover-color fadeIn animate-element animation-builder\" id=\"dt-btn-2\"><i class=\"fa fa-chevron-circle-right\"><\/i><span>Voir l&#8217;article<\/span><\/a><\/div>\n<div class=\"gap\" style=\"line-height: 20px; height: 20px;\"><\/div>\n<h3><span style=\"color: #005a91;\">Le territoire Grand-Orly Seine Bi\u00e8vre \u00a0&#8211; Guide pratique quotidien &#8211; Covid-19 &#8211; Entreprises\/Associations<br \/>\n<\/span><\/h3>\n<p>Grand-Orly Seine Bi\u00e8vre qui est le plus vaste et le plus peupl\u00e9 des territoires de la M\u00e9tropole du Grand Paris a r\u00e9alis\u00e9 un guide COVID-19 des mesures et aides mobilisables pour les Entreprises et Associations.<\/p>\n<p>Un paragraphe de la page 2 du guide nous met \u00e0 l&#8217;honneur dans le cadre de notre action solidaire pour le secteur HCR :<\/p>\n<p>&#8221; <em>Mettre \u00e0 jour le document unique de pr\u00e9vention des risques :<\/em><br \/>\n<em>Ce document, qui doit \u00eatre r\u00e9dig\u00e9 par l\u2019employeur d\u00e8s le recrutement du premier salari\u00e9, retranscrit les risques et les moyens de s\u2019en pr\u00e9munir et est mis \u00e0 jour r\u00e9guli\u00e8rement. L\u2019actualisation du document unique de pr\u00e9vention des risques est imp\u00e9rative du fait de l\u2019\u00e9pid\u00e9mie li\u00e9e au Covid 19. Elle permet de pr\u00e9voir les mesures de pr\u00e9vention et de protection ad\u00e9quates. Ce document doit prendre en compte les risques sanitaires, mais \u00e9galement les risques psycho-sociaux g\u00e9n\u00e9r\u00e9s par la pand\u00e9mie. Pour cr\u00e9er son document unique ou le mettre \u00e0 jour en int\u00e9grant le plan de d\u00e9confinement et les risques li\u00e9s au Covid-19, des plateformes \u00ab m\u00e9tiers \u00bb\u00a0 proposent des outils en ligne. La plateforme DUERP\u00ae d\u00e9velopp\u00e9e par Alea Prevention est par exemple disponible gratuitement pour les entreprises du secteur HCR jusqu\u2019au 30 juin.<\/em> &#8221;<\/p>\n<p>.[\/vc_column_text][vc_single_image image=&#8221;2125&#8243; img_size=&#8221;medium&#8221; alignment=&#8221;center&#8221;][vc_column_text]<\/p>\n<div class=\"gap\" style=\"line-height: 20px; height: 20px;\"><\/div>\n<div class=\"text-centered\"><a href=\"https:\/\/www.grandorlyseinebievre.fr\/information-transversale\/actualites\/information-covid-19-coronavirus-entreprises-et-associations-1701\" class=\"btn-shortcode dt-btn-m dt-btn default-btn-color default-btn-hover-color default-btn-bg-color default-btn-bg-hover-color fadeIn animate-element animation-builder\" id=\"dt-btn-3\"><i class=\"fa fa-chevron-circle-right\"><\/i><span>T\u00e9l\u00e9charger le guide pratique<\/span><\/a><\/div>\n<div class=\"gap\" style=\"line-height: 20px; height: 20px;\"><\/div>\n<h3><span style=\"color: #005a91;\">Magazine MagEco de la CCI de Seine et Marne<\/span><\/h3>\n<p>[\/vc_column_text][vc_single_image image=&#8221;1367&#8243; img_size=&#8221;large&#8221; alignment=&#8221;center&#8221;][vc_column_text]Diffus\u00e9 \u00e0 40 000 exemplaires, MagEco traite des actions et des services de la CCI Seine-et-Marne, de l&#8217;actualit\u00e9 du monde \u00e9conomique et du territoire seine-et-marnais.<\/p>\n<p>Feuilletez en ligne le MagEco11 en version &#8220;e-book&#8221;<\/p>\n<h3><span style=\"color: #005a91;\"><a style=\"color: #005a91;\" name=\"_Toc452976893\"><\/a>DUERP, Troph\u00e9e d&#8217;or du Management en 2011<\/span><\/h3>\n<p>[\/vc_column_text][vc_single_image image=&#8221;1368&#8243; img_size=&#8221;large&#8221; alignment=&#8221;center&#8221;][vc_column_text]Dans le cadre du salon conqu\u00eate 2011 qui s&#8217;est d\u00e9roul\u00e9 \u00e0 l&#8217;\u00e9cole ESIEE situ\u00e9e \u00e0 Marne la Vall\u00e9e le 21 mai 2011, la soci\u00e9t\u00e9 ALEA PREVENTION a tenu un stand pour promouvoir le logiciel DUERP d&#8217;\u00e9valuation des risques professionnels.<\/p>\n<p>\u00c0 l&#8217;occasion du challenge sur la cat\u00e9gorie Management et gestion de l&#8217;entreprise qui a oppos\u00e9 plusieurs soci\u00e9t\u00e9s, la soci\u00e9t\u00e9 ALEA PREVENTION a obtenu le troph\u00e9e d&#8217;or.<\/p>\n<p>Dans notre volont\u00e9 de rendre le Document Unique accessible \u00e0 toutes les soci\u00e9t\u00e9s et de mettre en avant les probl\u00e9matiques de gestion de risques physiques et psychosociaux, ce prix nous encourage \u00e0 aller de l&#8217;avant et rendre toujours plus simple et plus exhaustif la pr\u00e9vention des risques en entreprise et de faire diminuer ainsi les risques que prennent chaque jour les salari\u00e9s des entreprises et collectivit\u00e9s locales.<\/p>\n<p>Ne prenez plus de risques en choisissant DUERP et transformez vos obligations l\u00e9gales en opportunit\u00e9s\u00a0 ![\/vc_column_text][\/vc_column][\/vc_row]<\/p>","protected":false},"excerpt":{"rendered":"<p>Sorry, this entry is only available in French. For the sake of viewer convenience, the content is shown below in the alternative language. You may click the link to switch the active language.[vc_row][vc_column][vc_column_text] La plateforme Solutions Covid-19 de la r\u00e9gion Ile de France Trouvez les services qui vous simplifieront la vie pendant l\u2019\u00e9pid\u00e9mie de Covid-19.&hellip;<\/p>\n","protected":false},"author":1,"featured_media":0,"parent":0,"menu_order":0,"comment_status":"closed","ping_status":"closed","template":"","meta":[],"_links":{"self":[{"href":"https:\/\/www.duerp.com\/en\/wp-json\/wp\/v2\/pages\/1365"}],"collection":[{"href":"https:\/\/www.duerp.com\/en\/wp-json\/wp\/v2\/pages"}],"about":[{"href":"https:\/\/www.duerp.com\/en\/wp-json\/wp\/v2\/types\/page"}],"author":[{"embeddable":true,"href":"https:\/\/www.duerp.com\/en\/wp-json\/wp\/v2\/users\/1"}],"replies":[{"embeddable":true,"href":"https:\/\/www.duerp.com\/en\/wp-json\/wp\/v2\/comments?post=1365"}],"version-history":[{"count":28,"href":"https:\/\/www.duerp.com\/en\/wp-json\/wp\/v2\/pages\/1365\/revisions"}],"predecessor-version":[{"id":2136,"href":"https:\/\/www.duerp.com\/en\/wp-json\/wp\/v2\/pages\/1365\/revisions\/2136"}],"wp:attachment":[{"href":"https:\/\/www.duerp.com\/en\/wp-json\/wp\/v2\/media?parent=1365"}],"curies":[{"name":"wp","href":"https:\/\/api.w.org\/{rel}","templated":true}]}}