{"id":1385,"date":"2016-06-10T13:36:46","date_gmt":"2016-06-10T11:36:46","guid":{"rendered":"http:\/\/duerp.com\/?page_id=1385"},"modified":"2016-06-10T13:36:46","modified_gmt":"2016-06-10T11:36:46","slug":"qui-est-converne","status":"publish","type":"page","link":"https:\/\/www.duerp.com\/en\/qui-est-converne\/","title":{"rendered":"(Fran\u00e7ais) Qui est convern\u00e9 ?"},"content":{"rendered":"<p class=\"qtranxs-available-languages-message qtranxs-available-languages-message-en\">Sorry, this entry is only available in <a href=\"https:\/\/www.duerp.com\/fr\/wp-json\/wp\/v2\/pages\/1385\" class=\"qtranxs-available-language-link qtranxs-available-language-link-fr\" title=\"Fran\u00e7ais\">French<\/a>. For the sake of viewer convenience, the content is shown below in the alternative language. You may click the link to switch the active language.<\/p><p>Quelle que soit la taille de votre entreprise, vous devez obligatoirement \u00e9tablir une fiche individuelle de pr\u00e9vention des expositions \u00e0 la p\u00e9nibilit\u00e9 (article D. 4121-5 du Code du travail), pour chaque salari\u00e9 expos\u00e9 \u00e0 un ou plusieurs facteurs de risques professionnels li\u00e9s \u00e0 :<\/p>\n<ul>\n<li>Des contraintes physiques marqu\u00e9es :\n<ul>\n<li>Manutentions manuelles de charges<\/li>\n<li>Postures p\u00e9nibles d\u00e9finies comme positions forc\u00e9es des articulations<\/li>\n<li>Vibrations m\u00e9caniques<\/li>\n<\/ul>\n<\/li>\n<li>Un environnement physique agressif\u00a0:\n<ul>\n<li>Agents chimiques dangereux, y compris poussi\u00e8res ou fum\u00e9es<\/li>\n<li>Activit\u00e9s exerc\u00e9es en milieu hyperbare<\/li>\n<li>Temp\u00e9ratures extr\u00eames<\/li>\n<li>Bruit ;<\/li>\n<\/ul>\n<\/li>\n<li>A certains rythmes de travail pouvant entra\u00eener des effets irr\u00e9versibles sur la sant\u00e9 :<\/li>\n<li>Travail de nuit<\/li>\n<li>Travail r\u00e9p\u00e9titif<\/li>\n<li>Travail en \u00e9quipes successives alternantes<\/li>\n<\/ul>\n<p>Cette fiche doit \u00eatre r\u00e9dig\u00e9e d\u00e8s l\u2019instant o\u00f9 un ou plusieurs salari\u00e9s sont expos\u00e9(s) \u00e0 l\u2019un ou l\u2019autre de ces risques. Peu importe que votre entreprise ne soit pas tenue de n\u00e9gocier un accord ou un plan d\u2019action p\u00e9nibilit\u00e9, quelle emploie plus ou moins de 50 salari\u00e9s et que plus ou moins de 50 % de son personnel soit ou non expos\u00e9.C\u2019est \u00e0 l\u2019employeur d\u2019identifier les salari\u00e9s concern\u00e9s par les facteurs de p\u00e9nibilit\u00e9. Cette identification doit passer par celle des postes, des situations de travail ou des activit\u00e9s professionnelles impliquant une exposition significative \u00e0 un ou plusieurs facteurs de p\u00e9nibilit\u00e9.A d\u00e9faut d\u2019\u00e9tablir ou d\u2019actualiser ce document, vous risquez une amende de 1.500 euros, appliqu\u00e9e autant de fois qu&#8217;il y aura de salari\u00e9s concern\u00e9s (article R.4741-1-1 du code du travail)<\/p>","protected":false},"excerpt":{"rendered":"<p>Sorry, this entry is only available in French. For the sake of viewer convenience, the content is shown below in the alternative language. You may click the link to switch the active language.Quelle que soit la taille de votre entreprise, vous devez obligatoirement \u00e9tablir une fiche individuelle de pr\u00e9vention des expositions \u00e0 la p\u00e9nibilit\u00e9 (article&hellip;<\/p>\n","protected":false},"author":1,"featured_media":0,"parent":0,"menu_order":0,"comment_status":"closed","ping_status":"closed","template":"","meta":[],"_links":{"self":[{"href":"https:\/\/www.duerp.com\/en\/wp-json\/wp\/v2\/pages\/1385"}],"collection":[{"href":"https:\/\/www.duerp.com\/en\/wp-json\/wp\/v2\/pages"}],"about":[{"href":"https:\/\/www.duerp.com\/en\/wp-json\/wp\/v2\/types\/page"}],"author":[{"embeddable":true,"href":"https:\/\/www.duerp.com\/en\/wp-json\/wp\/v2\/users\/1"}],"replies":[{"embeddable":true,"href":"https:\/\/www.duerp.com\/en\/wp-json\/wp\/v2\/comments?post=1385"}],"version-history":[{"count":1,"href":"https:\/\/www.duerp.com\/en\/wp-json\/wp\/v2\/pages\/1385\/revisions"}],"predecessor-version":[{"id":1387,"href":"https:\/\/www.duerp.com\/en\/wp-json\/wp\/v2\/pages\/1385\/revisions\/1387"}],"wp:attachment":[{"href":"https:\/\/www.duerp.com\/en\/wp-json\/wp\/v2\/media?parent=1385"}],"curies":[{"name":"wp","href":"https:\/\/api.w.org\/{rel}","templated":true}]}}