{"id":1455,"date":"2016-06-10T15:35:29","date_gmt":"2016-06-10T13:35:29","guid":{"rendered":"http:\/\/duerp.com\/?page_id=1455"},"modified":"2016-06-10T15:35:29","modified_gmt":"2016-06-10T13:35:29","slug":"quels-sont-les-principes-generaux-de-prevention","status":"publish","type":"page","link":"https:\/\/www.duerp.com\/en\/quels-sont-les-principes-generaux-de-prevention\/","title":{"rendered":"(Fran\u00e7ais) Quels sont les principes g\u00e9n\u00e9raux de pr\u00e9vention ?"},"content":{"rendered":"<p class=\"qtranxs-available-languages-message qtranxs-available-languages-message-en\">Sorry, this entry is only available in <a href=\"https:\/\/www.duerp.com\/fr\/wp-json\/wp\/v2\/pages\/1455\" class=\"qtranxs-available-language-link qtranxs-available-language-link-fr\" title=\"Fran\u00e7ais\">French<\/a>. For the sake of viewer convenience, the content is shown below in the alternative language. You may click the link to switch the active language.<\/p><p><strong>Question<\/strong> : Quels sont les principes g\u00e9n\u00e9raux de pr\u00e9vention ?<\/p>\n<p><strong>Reponse<\/strong> :<\/p>\n<ul>\n<li>Eviter les risques ;<\/li>\n<li>\u00e9valuer les risques qui ne peuvent \u00eatre \u00e9vit\u00e9s ;<\/li>\n<li>combattre les risques \u00e0 la source ;<\/li>\n<li>adapter le travail \u00e0 l\u2019homme (conception des postes de travail, choix des \u00e9quipements et des m\u00e9thodes de travail et de production), l\u2019objectif \u00e9tant notamment de limiter le travail monotone ou cadenc\u00e9 ;<\/li>\n<li>tenir compte de l\u2019\u00e9tat d\u2019\u00e9volution de la technique ;<\/li>\n<li>remplacer ce qui est dangereux par ce qui ne l\u2019est pas ou ce qui l\u2019est moins ;<\/li>\n<li>prendre des mesures de protection collective et leur donner la priorit\u00e9 sur les mesures de protection individuelle ;<\/li>\n<li>donner des instructions appropri\u00e9es aux salari\u00e9s.<\/li>\n<\/ul>\n<p>Ces principes consistent \u00e9galement \u00e0 planifier la pr\u00e9vention en y int\u00e9grant, dans un ensemble coh\u00e9rent :<\/p>\n<p>&nbsp;<\/p>\n<ul>\n<li>la technique,<\/li>\n<li>l\u2019organisation du travail,<\/li>\n<li>les conditions de travail,<\/li>\n<li>les relations sociales,<\/li>\n<li>l\u2019influence des facteurs ambiants.<\/li>\n<li>La pr\u00e9vention doit \u00e9galement porter sur les agissements de harc\u00e8lement moral ou sexuel.<\/li>\n<\/ul>\n<p><\/p>","protected":false},"excerpt":{"rendered":"<p>Sorry, this entry is only available in French. For the sake of viewer convenience, the content is shown below in the alternative language. You may click the link to switch the active language.Question : Quels sont les principes g\u00e9n\u00e9raux de pr\u00e9vention ? Reponse : Eviter les risques ; \u00e9valuer les risques qui ne peuvent \u00eatre&hellip;<\/p>\n","protected":false},"author":1,"featured_media":0,"parent":0,"menu_order":0,"comment_status":"closed","ping_status":"closed","template":"","meta":[],"_links":{"self":[{"href":"https:\/\/www.duerp.com\/en\/wp-json\/wp\/v2\/pages\/1455"}],"collection":[{"href":"https:\/\/www.duerp.com\/en\/wp-json\/wp\/v2\/pages"}],"about":[{"href":"https:\/\/www.duerp.com\/en\/wp-json\/wp\/v2\/types\/page"}],"author":[{"embeddable":true,"href":"https:\/\/www.duerp.com\/en\/wp-json\/wp\/v2\/users\/1"}],"replies":[{"embeddable":true,"href":"https:\/\/www.duerp.com\/en\/wp-json\/wp\/v2\/comments?post=1455"}],"version-history":[{"count":1,"href":"https:\/\/www.duerp.com\/en\/wp-json\/wp\/v2\/pages\/1455\/revisions"}],"predecessor-version":[{"id":1457,"href":"https:\/\/www.duerp.com\/en\/wp-json\/wp\/v2\/pages\/1455\/revisions\/1457"}],"wp:attachment":[{"href":"https:\/\/www.duerp.com\/en\/wp-json\/wp\/v2\/media?parent=1455"}],"curies":[{"name":"wp","href":"https:\/\/api.w.org\/{rel}","templated":true}]}}