{"id":2192,"date":"2021-06-02T10:47:04","date_gmt":"2021-06-02T08:47:04","guid":{"rendered":"https:\/\/www.duerp.com\/?page_id=2192"},"modified":"2021-06-04T16:32:42","modified_gmt":"2021-06-04T14:32:42","slug":"blog","status":"publish","type":"page","link":"https:\/\/www.duerp.com\/en\/blog\/","title":{"rendered":"Blog"},"content":{"rendered":"<p>[vc_row][vc_column]<div class=\"dt-shortcode with-isotope\"><div class=\"filter iso-filter extras-off\"><div class=\"filter-categories\"><a href=\"https:\/\/www.duerp.com\/en\/blog\/?term=&#038;orderby=date&#038;order=DESC\" class=\"show-all act\" data-filter=\"*\">View all<\/a><a href=\"https:\/\/www.duerp.com\/en\/blog\/?term=29&#038;orderby=date&#038;order=DESC\"  data-filter=\".category-29\">Accidents du travail<\/a><a href=\"https:\/\/www.duerp.com\/en\/blog\/?term=16&#038;orderby=date&#038;order=DESC\"  data-filter=\".category-16\"><\/a><a href=\"https:\/\/www.duerp.com\/en\/blog\/?term=31&#038;orderby=date&#038;order=DESC\"  data-filter=\".category-31\">Guide pratique<\/a><a href=\"https:\/\/www.duerp.com\/en\/blog\/?term=1&#038;orderby=date&#038;order=DESC\"  data-filter=\".category-1\">Non class\u00e9<\/a><a href=\"https:\/\/www.duerp.com\/en\/blog\/?term=14&#038;orderby=date&#038;order=DESC\"  data-filter=\".category-14\"><\/a><a href=\"https:\/\/www.duerp.com\/en\/blog\/?term=30&#038;orderby=date&#038;order=DESC\"  data-filter=\".category-30\">P\u00e9nibilit\u00e9<\/a><a href=\"https:\/\/www.duerp.com\/en\/blog\/?term=13&#038;orderby=date&#038;order=DESC\"  data-filter=\".category-13\"><\/a><\/div><\/div><div class=\"wf-container dt-blog-shortcode loading-effect-none iso-grid description-under-image content-align-left\" data-padding=\"20px\" data-cur-page=\"1\" data-posts-per-page=\"-1\" data-width=\"370px\" data-columns=\"3\">\n<div class=\"wf-cell category-16\" data-post-id=\"2958\" data-date=\"2022-02-25T15:41:44+00:00\" data-name=\"(Fran\u00e7ais) Prix du public Worknight : votez ALEA Prevention !\">\n<article class=\"post post-2958 type-post status-publish format-standard has-post-thumbnail hentry category-actus-alea description-off\">\n\n\t<div class=\"blog-media wf-td\"><p><a href=\"https:\/\/www.duerp.com\/en\/2022\/02\/25\/votre-pour-nous-pour-le-prix-du-public-de-la-worknight\/\" class=\"alignnone rollover layzr-bg\" ><img class=\"iso-lazy-load preload-me\" src=\"data:image\/svg+xml;charset=utf-8,%3Csvg xmlns%3D'http%3A%2F%2Fwww.w3.org%2F2000%2Fsvg' viewBox%3D'0 0 555 341'%2F%3E\" data-src=\"https:\/\/www.duerp.com\/wp-content\/uploads\/worknite-logos63-555x341.jpg\" data-srcset=\"https:\/\/www.duerp.com\/wp-content\/uploads\/worknite-logos63-555x341.jpg 555w, https:\/\/www.duerp.com\/wp-content\/uploads\/worknite-logos63-1110x682.jpg 1110w\" alt=\"\" title=\"worknite logos63\" width=\"555\" height=\"341\"  \/><\/a><\/p><\/div><div class=\"blog-content wf-td\">\n\n\t\n\t<h3 class=\"entry-title\">\n\t\t<a href=\"https:\/\/www.duerp.com\/en\/2022\/02\/25\/votre-pour-nous-pour-le-prix-du-public-de-la-worknight\/\" title=\"(Fran\u00e7ais) Prix du public Worknight : votez ALEA Prevention !\" rel=\"bookmark\">(Fran\u00e7ais) Prix du public Worknight : votez ALEA Prevention !<\/a>\n\t<\/h3>\n\n\t<p>Sorry, this entry is only available in French. For the sake of viewer convenience, the content is shown below in the alternative language. You may click the link to switch the active language. &nbsp; ????\u00a0Le\u00a0bin\u00f4me ALEA Prevention\u00a0et Manpower France est candidat aux troph\u00e9es #Worknight\u00a0de la cat\u00e9gorie Services aux occupants et #QVT ! ???? Nous sommes&hellip;<\/p>\n\n\t<a href=\"https:\/\/www.duerp.com\/en\/2022\/02\/25\/votre-pour-nous-pour-le-prix-du-public-de-la-worknight\/\" class=\"details more-link\" rel=\"nofollow\">Details<\/a>\n\t\n\t\n<\/div>\n<\/article><!-- #post-2958 -->\n\n<\/div>\n<div class=\"wf-cell category-1\" data-post-id=\"2810\" data-date=\"2021-11-09T16:18:30+00:00\" data-name=\"(Fran\u00e7ais) Pourquoi utiliser l\u2019outil DUERP plut\u00f4t qu\u2019Excel ?\">\n<article class=\"post post-2810 type-post status-publish format-standard has-post-thumbnail hentry category-non-classe description-off\">\n\n\t<div class=\"blog-media wf-td\"><p><a href=\"https:\/\/www.duerp.com\/en\/2021\/11\/09\/pourquoi-utiliser-loutil-duerp-plutot-quexcel\/\" class=\"alignnone rollover layzr-bg\" ><img class=\"iso-lazy-load preload-me\" src=\"data:image\/svg+xml;charset=utf-8,%3Csvg xmlns%3D'http%3A%2F%2Fwww.w3.org%2F2000%2Fsvg' viewBox%3D'0 0 555 372'%2F%3E\" data-src=\"https:\/\/www.duerp.com\/wp-content\/uploads\/Le-guide-de-la-vaccination-Covid-en-entreprise-pour-les-salarie\u0301s-20-555x372.png\" data-srcset=\"https:\/\/www.duerp.com\/wp-content\/uploads\/Le-guide-de-la-vaccination-Covid-en-entreprise-pour-les-salarie\u0301s-20-555x372.png 555w, https:\/\/www.duerp.com\/wp-content\/uploads\/Le-guide-de-la-vaccination-Covid-en-entreprise-pour-les-salarie\u0301s-20.png 1020w\" alt=\"\" title=\"Le guide de la vaccination Covid en entreprise pour les salarie\u0301s (20)\" width=\"555\" height=\"372\"  \/><\/a><\/p><\/div><div class=\"blog-content wf-td\">\n\n\t\n\t<h3 class=\"entry-title\">\n\t\t<a href=\"https:\/\/www.duerp.com\/en\/2021\/11\/09\/pourquoi-utiliser-loutil-duerp-plutot-quexcel\/\" title=\"(Fran\u00e7ais) Pourquoi utiliser l\u2019outil DUERP plut\u00f4t qu\u2019Excel ?\" rel=\"bookmark\">(Fran\u00e7ais) Pourquoi utiliser l\u2019outil DUERP plut\u00f4t qu\u2019Excel ?<\/a>\n\t<\/h3>\n\n\t<p>Sorry, this entry is only available in French. For the sake of viewer convenience, the content is shown below in the alternative language. You may click the link to switch the active language. Les inconv\u00e9nients d\u2019Excel ou l\u2019enfer des copier-coller et les gains de temps apport\u00e9s par la solution DUERP &nbsp; Avantage de la solution&hellip;<\/p>\n\n\t<a href=\"https:\/\/www.duerp.com\/en\/2021\/11\/09\/pourquoi-utiliser-loutil-duerp-plutot-quexcel\/\" class=\"details more-link\" rel=\"nofollow\">Details<\/a>\n\t\n\t\n<\/div>\n<\/article><!-- #post-2810 -->\n\n<\/div>\n<div class=\"wf-cell category-31\" data-post-id=\"2797\" data-date=\"2021-11-08T13:45:17+00:00\" data-name=\"(Fran\u00e7ais) Les astuces pour une meilleure gestion du temps en entreprise\">\n<article class=\"post post-2797 type-post status-publish format-standard has-post-thumbnail hentry category-guide-pratique description-off\">\n\n\t<div class=\"blog-media wf-td\"><p><a href=\"https:\/\/www.duerp.com\/en\/2021\/11\/08\/les-astuces-pour-une-meilleure-gestion-du-temps-en-entreprise\/\" class=\"alignnone rollover layzr-bg\" ><img class=\"iso-lazy-load preload-me\" src=\"data:image\/svg+xml;charset=utf-8,%3Csvg xmlns%3D'http%3A%2F%2Fwww.w3.org%2F2000%2Fsvg' viewBox%3D'0 0 555 372'%2F%3E\" data-src=\"https:\/\/www.duerp.com\/wp-content\/uploads\/Le-guide-de-la-vaccination-Covid-en-entreprise-pour-les-salarie\u0301s-19-555x372.png\" data-srcset=\"https:\/\/www.duerp.com\/wp-content\/uploads\/Le-guide-de-la-vaccination-Covid-en-entreprise-pour-les-salarie\u0301s-19-555x372.png 555w, https:\/\/www.duerp.com\/wp-content\/uploads\/Le-guide-de-la-vaccination-Covid-en-entreprise-pour-les-salarie\u0301s-19.png 1020w\" alt=\"\" title=\"Le guide de la vaccination Covid en entreprise pour les salarie\u0301s (19)\" width=\"555\" height=\"372\"  \/><\/a><\/p><\/div><div class=\"blog-content wf-td\">\n\n\t\n\t<h3 class=\"entry-title\">\n\t\t<a href=\"https:\/\/www.duerp.com\/en\/2021\/11\/08\/les-astuces-pour-une-meilleure-gestion-du-temps-en-entreprise\/\" title=\"(Fran\u00e7ais) Les astuces pour une meilleure gestion du temps en entreprise\" rel=\"bookmark\">(Fran\u00e7ais) Les astuces pour une meilleure gestion du temps en entreprise<\/a>\n\t<\/h3>\n\n\t<p>Sorry, this entry is only available in French. For the sake of viewer convenience, the content is shown below in the alternative language. You may click the link to switch the active language. Savoir optimiser son temps n&#8217;est pas chose ais\u00e9e ! Pourtant, c&#8217;est une grande pr\u00e9occupation pour les chefs d&#8217;entreprise car c&#8217;est un \u00e9l\u00e9ment&hellip;<\/p>\n\n\t<a href=\"https:\/\/www.duerp.com\/en\/2021\/11\/08\/les-astuces-pour-une-meilleure-gestion-du-temps-en-entreprise\/\" class=\"details more-link\" rel=\"nofollow\">Details<\/a>\n\t\n\t\n<\/div>\n<\/article><!-- #post-2797 -->\n\n<\/div>\n<div class=\"wf-cell category-1\" data-post-id=\"2786\" data-date=\"2021-11-08T12:13:05+00:00\" data-name=\"(Fran\u00e7ais) Les troubles caus\u00e9s par le travail sur \u00e9cran\">\n<article class=\"post post-2786 type-post status-publish format-standard has-post-thumbnail hentry category-non-classe description-off\">\n\n\t<div class=\"blog-media wf-td\"><p><a href=\"https:\/\/www.duerp.com\/en\/2021\/11\/08\/les-troubles-causes-par-le-travail-sur-ecran\/\" class=\"alignnone rollover layzr-bg\" ><img class=\"iso-lazy-load preload-me\" src=\"data:image\/svg+xml;charset=utf-8,%3Csvg xmlns%3D'http%3A%2F%2Fwww.w3.org%2F2000%2Fsvg' viewBox%3D'0 0 555 372'%2F%3E\" data-src=\"https:\/\/www.duerp.com\/wp-content\/uploads\/Le_guide_de_la_vaccination_Covid_en_entreprise_pour_les_salarie\u0301s_17-555x372.png\" data-srcset=\"https:\/\/www.duerp.com\/wp-content\/uploads\/Le_guide_de_la_vaccination_Covid_en_entreprise_pour_les_salarie\u0301s_17-555x372.png 555w, https:\/\/www.duerp.com\/wp-content\/uploads\/Le_guide_de_la_vaccination_Covid_en_entreprise_pour_les_salarie\u0301s_17.png 1020w\" alt=\"\" title=\"Le_guide_de_la_vaccination_Covid_en_entreprise_pour_les_salarie\u0301s_(17)\" width=\"555\" height=\"372\"  \/><\/a><\/p><\/div><div class=\"blog-content wf-td\">\n\n\t\n\t<h3 class=\"entry-title\">\n\t\t<a href=\"https:\/\/www.duerp.com\/en\/2021\/11\/08\/les-troubles-causes-par-le-travail-sur-ecran\/\" title=\"(Fran\u00e7ais) Les troubles caus\u00e9s par le travail sur \u00e9cran\" rel=\"bookmark\">(Fran\u00e7ais) Les troubles caus\u00e9s par le travail sur \u00e9cran<\/a>\n\t<\/h3>\n\n\t<p>Sorry, this entry is only available in French. For the sake of viewer convenience, the content is shown below in the alternative language. You may click the link to switch the active language. Travailler derri\u00e8re un \u00e9cran n\u2019est certes pas le m\u00e9tier le plus \u00e0 risque mais, n\u2019est pas sans risques non plus. En effet,&hellip;<\/p>\n\n\t<a href=\"https:\/\/www.duerp.com\/en\/2021\/11\/08\/les-troubles-causes-par-le-travail-sur-ecran\/\" class=\"details more-link\" rel=\"nofollow\">Details<\/a>\n\t\n\t\n<\/div>\n<\/article><!-- #post-2786 -->\n\n<\/div>\n<div class=\"wf-cell category-16\" data-post-id=\"2776\" data-date=\"2021-10-14T17:00:13+00:00\" data-name=\"(Fran\u00e7ais) La p\u00e9nurie de main d\u2019\u0153uvre en CHR : les raisons ?\">\n<article class=\"post post-2776 type-post status-publish format-standard has-post-thumbnail hentry category-actus-alea description-off\">\n\n\t<div class=\"blog-media wf-td\"><p><a href=\"https:\/\/www.duerp.com\/en\/2021\/10\/14\/la-penurie-de-main-doeuvre-en-chr-les-raisons\/\" class=\"alignnone rollover layzr-bg\" ><img class=\"iso-lazy-load preload-me\" src=\"data:image\/svg+xml;charset=utf-8,%3Csvg xmlns%3D'http%3A%2F%2Fwww.w3.org%2F2000%2Fsvg' viewBox%3D'0 0 555 372'%2F%3E\" data-src=\"https:\/\/www.duerp.com\/wp-content\/uploads\/Penurie_CHR-555x372.png\" data-srcset=\"https:\/\/www.duerp.com\/wp-content\/uploads\/Penurie_CHR-555x372.png 555w, https:\/\/www.duerp.com\/wp-content\/uploads\/Penurie_CHR.png 1020w\" alt=\"\" title=\"Penurie_CHR\" width=\"555\" height=\"372\"  \/><\/a><\/p><\/div><div class=\"blog-content wf-td\">\n\n\t\n\t<h3 class=\"entry-title\">\n\t\t<a href=\"https:\/\/www.duerp.com\/en\/2021\/10\/14\/la-penurie-de-main-doeuvre-en-chr-les-raisons\/\" title=\"(Fran\u00e7ais) La p\u00e9nurie de main d\u2019\u0153uvre en CHR : les raisons ?\" rel=\"bookmark\">(Fran\u00e7ais) La p\u00e9nurie de main d\u2019\u0153uvre en CHR : les raisons ?<\/a>\n\t<\/h3>\n\n\t<p>Sorry, this entry is only available in French. For the sake of viewer convenience, the content is shown below in the alternative language. You may click the link to switch the active language. Le secteur de l\u2019h\u00f4tellerie et la restauration rencontre encore plus de difficult\u00e9s \u00e0 recruter apr\u00e8s la crise sanitaire. Les raisons\u00a0? Les conditions&hellip;<\/p>\n\n\t<a href=\"https:\/\/www.duerp.com\/en\/2021\/10\/14\/la-penurie-de-main-doeuvre-en-chr-les-raisons\/\" class=\"details more-link\" rel=\"nofollow\">Details<\/a>\n\t\n\t\n<\/div>\n<\/article><!-- #post-2776 -->\n\n<\/div>\n<div class=\"wf-cell category-1\" data-post-id=\"2760\" data-date=\"2021-10-13T17:25:59+00:00\" data-name=\"(Fran\u00e7ais) Les changements li\u00e9s \u00e0 la loi du 2 ao\u00fbt.\">\n<article class=\"post post-2760 type-post status-publish format-standard has-post-thumbnail hentry category-non-classe description-off\">\n\n\t<div class=\"blog-media wf-td\"><p><a href=\"https:\/\/www.duerp.com\/en\/2021\/10\/13\/les-changements-lies-a-la-loi-du-2-aout\/\" class=\"alignnone rollover layzr-bg\" ><img class=\"iso-lazy-load preload-me\" src=\"data:image\/svg+xml;charset=utf-8,%3Csvg xmlns%3D'http%3A%2F%2Fwww.w3.org%2F2000%2Fsvg' viewBox%3D'0 0 555 312'%2F%3E\" data-src=\"https:\/\/www.duerp.com\/wp-content\/uploads\/1-3-555x312.jpg\" data-srcset=\"https:\/\/www.duerp.com\/wp-content\/uploads\/1-3-555x312.jpg 555w, https:\/\/www.duerp.com\/wp-content\/uploads\/1-3-1110x624.jpg 1110w\" alt=\"\" title=\"1\" width=\"555\" height=\"312\"  \/><\/a><\/p><\/div><div class=\"blog-content wf-td\">\n\n\t\n\t<h3 class=\"entry-title\">\n\t\t<a href=\"https:\/\/www.duerp.com\/en\/2021\/10\/13\/les-changements-lies-a-la-loi-du-2-aout\/\" title=\"(Fran\u00e7ais) Les changements li\u00e9s \u00e0 la loi du 2 ao\u00fbt.\" rel=\"bookmark\">(Fran\u00e7ais) Les changements li\u00e9s \u00e0 la loi du 2 ao\u00fbt.<\/a>\n\t<\/h3>\n\n\t<p>Sorry, this entry is only available in French. For the sake of viewer convenience, the content is shown below in the alternative language. You may click the link to switch the active language. La loi du 2 ao\u00fbt 2021 est une r\u00e9forme de fond de la pr\u00e9vention sant\u00e9 s\u00e9curit\u00e9 au travail. Elle apporte de nombreuses&hellip;<\/p>\n\n\t<a href=\"https:\/\/www.duerp.com\/en\/2021\/10\/13\/les-changements-lies-a-la-loi-du-2-aout\/\" class=\"details more-link\" rel=\"nofollow\">Details<\/a>\n\t\n\t\n<\/div>\n<\/article><!-- #post-2760 -->\n\n<\/div><\/div><\/div>[\/vc_column][\/vc_row]<\/p>\n","protected":false},"excerpt":{"rendered":"<p>[vc_row][vc_column][\/vc_column][\/vc_row]<\/p>\n","protected":false},"author":1,"featured_media":0,"parent":0,"menu_order":0,"comment_status":"closed","ping_status":"closed","template":"","meta":[],"_links":{"self":[{"href":"https:\/\/www.duerp.com\/en\/wp-json\/wp\/v2\/pages\/2192"}],"collection":[{"href":"https:\/\/www.duerp.com\/en\/wp-json\/wp\/v2\/pages"}],"about":[{"href":"https:\/\/www.duerp.com\/en\/wp-json\/wp\/v2\/types\/page"}],"author":[{"embeddable":true,"href":"https:\/\/www.duerp.com\/en\/wp-json\/wp\/v2\/users\/1"}],"replies":[{"embeddable":true,"href":"https:\/\/www.duerp.com\/en\/wp-json\/wp\/v2\/comments?post=2192"}],"version-history":[{"count":8,"href":"https:\/\/www.duerp.com\/en\/wp-json\/wp\/v2\/pages\/2192\/revisions"}],"predecessor-version":[{"id":2206,"href":"https:\/\/www.duerp.com\/en\/wp-json\/wp\/v2\/pages\/2192\/revisions\/2206"}],"wp:attachment":[{"href":"https:\/\/www.duerp.com\/en\/wp-json\/wp\/v2\/media?parent=2192"}],"curies":[{"name":"wp","href":"https:\/\/api.w.org\/{rel}","templated":true}]}}